{"id":83105,"date":"2020-06-03T12:00:37","date_gmt":"2020-06-03T10:00:37","guid":{"rendered":"http:\/\/velostarorganisation.com\/?page_id=83105"},"modified":"2024-04-29T12:31:24","modified_gmt":"2024-04-29T10:31:24","slug":"velostar91","status":"publish","type":"page","link":"https:\/\/velostarorganisation.com\/index.php\/velostar91\/","title":{"rendered":"Velostar91"},"content":{"rendered":"<div class=\"wpb-content-wrapper\"><p>[vc_row row_height_percent=\u00a0\u00bb0&Prime; back_color=\u00a0\u00bbcolor-nhtu\u00a0\u00bb back_image=\u00a0\u00bb83440&Prime; overlay_color=\u00a0\u00bbcolor-wayh\u00a0\u00bb overlay_alpha=\u00a0\u00bb50&Prime; gutter_size=\u00a0\u00bb3&Prime; column_width_percent=\u00a0\u00bb100&Prime; shift_y=\u00a0\u00bb0&Prime; z_index=\u00a0\u00bb0&Prime;][vc_column column_width_percent=\u00a0\u00bb100&Prime; position_vertical=\u00a0\u00bbmiddle\u00a0\u00bb align_horizontal=\u00a0\u00bbalign_center\u00a0\u00bb gutter_size=\u00a0\u00bb3&Prime; overlay_alpha=\u00a0\u00bb50&Prime; shift_x=\u00a0\u00bb0&Prime; shift_y=\u00a0\u00bb0&Prime; shift_y_down=\u00a0\u00bb0&Prime; z_index=\u00a0\u00bb0&Prime; medium_width=\u00a0\u00bb0&Prime; mobile_width=\u00a0\u00bb0&Prime; width=\u00a0\u00bb1\/1&Prime;][vc_custom_heading text_size=\u00a0\u00bbfontsize-739966&Prime; text_weight=\u00a0\u00bb700&Prime; text_height=\u00a0\u00bbfontheight-357766&Prime; text_space=\u00a0\u00bbfontspace-111509&Prime; text_color=\u00a0\u00bbcolor-xsdn\u00a0\u00bb css_animation=\u00a0\u00bbzoom-in\u00a0\u00bb animation_delay=\u00a0\u00bb400&Prime;]<span style=\"vertical-align: inherit;\"><span style=\"vertical-align: inherit;\"><span style=\"vertical-align: inherit;\"><span style=\"vertical-align: inherit;\">La V\u00e9loStar 91<\/span><\/span><\/span><\/span>[\/vc_custom_heading][vc_custom_heading text_color=\u00a0\u00bbcolor-lxmt\u00a0\u00bb css_animation=\u00a0\u00bbzoom-in\u00a0\u00bb animation_delay=\u00a0\u00bb600&Prime;]<span style=\"vertical-align: inherit;\"><span style=\"vertical-align: inherit;\">Breuillet &#8211; 91650\u00a0 \u00a0Le mercredi 1er mai 2024<\/span><\/span>[\/vc_custom_heading][vc_button button_color=\u00a0\u00bbcolor-209672&Prime; size=\u00a0\u00bbbtn-lg\u00a0\u00bb border_width=\u00a0\u00bb0&Prime; css_animation=\u00a0\u00bbbottom-t-top\u00a0\u00bb animation_delay=\u00a0\u00bb800&Prime; link=\u00a0\u00bburl:https%3A%2F%2Fsportsnconnect.com%2Fcalendrier-evenements%2Fview%2F5804%2Frando-cyclo-la-velostar-91%23parcours|||\u00a0\u00bb]inscription sports&rsquo;n connect[\/vc_button][\/vc_column][\/vc_row][vc_row][vc_column column_width_percent=\u00a0\u00bb100&Prime; align_horizontal=\u00a0\u00bbalign_center\u00a0\u00bb gutter_size=\u00a0\u00bb3&Prime; overlay_alpha=\u00a0\u00bb50&Prime; shift_x=\u00a0\u00bb0&Prime; shift_y=\u00a0\u00bb0&Prime; shift_y_down=\u00a0\u00bb0&Prime; z_index=\u00a0\u00bb0&Prime; medium_width=\u00a0\u00bb0&Prime; mobile_width=\u00a0\u00bb0&Prime; width=\u00a0\u00bb5\/6&Prime;][vc_custom_heading]<\/p>\n<h1><span class=\"font-377884\"><span style=\"vertical-align: inherit;\"><span style=\"vertical-align: inherit;\"><span style=\"vertical-align: inherit;\"><span style=\"vertical-align: inherit;\">La V\u00e9loStar 91 devient une rando-v\u00e9lo<\/span><\/span><\/span><\/span><\/span><\/h1>\n<p>[\/vc_custom_heading][vc_custom_heading text_color=\u00a0\u00bbcolor-152202&Prime;]<\/p>\n<h1><strong>et aura lieu le mercredi 1er mai 2024<\/strong><\/h1>\n<h2><span style=\"color: #ff0000;\">Annul\u00e9e cette ann\u00e9e..!<\/span><\/h2>\n<p>[\/vc_custom_heading][vc_custom_heading text_color=\u00a0\u00bbcolor-152202&Prime; sub_lead=\u00a0\u00bbyes\u00a0\u00bb]TARIF UNIQUE DE LA V\u00c9LOSTAR : 10\u20ac[\/vc_custom_heading][vc_custom_heading]3 ravitaillements sur des sites prestigieux, une coupe de champagne, un toast de foie gras et un brin de muguet offert \u00e0 l&rsquo;arriv\u00e9e de La Velostar 91<\/p>\n<p>&nbsp;<\/p>\n<h5><span style=\"color: #800080;\"><em>Contrairement aux comp\u00e9titions cyclistes et cyclosportives, la pr\u00e9sentation du certificat de non contre-indication \u00e0 la pratique n\u2019est pas obligatoire pour participer aux randonn\u00e9es de cyclotourisme. Toutefois, \u00e0 titre pr\u00e9ventif, il est recommand\u00e9 aux pratiquants de passer un examen m\u00e9dical pr\u00e9alable \u00e0 toute activit\u00e9.<\/em><\/span><\/h5>\n<p>[\/vc_custom_heading][vc_custom_heading text_color=\u00a0\u00bbcolor-152202&Prime;]<a href=\"https:\/\/youtu.be\/Vz3lsrxVyZY\">Cliquez pour voir la vid\u00e9o sur la journ\u00e9e de la V\u00e9loStar<\/a>[\/vc_custom_heading][\/vc_column][vc_column width=\u00a0\u00bb1\/6&Prime;][vc_empty_space empty_h=\u00a0\u00bb1&Prime;][vc_gallery el_id=\u00a0\u00bbgallery-138241&Prime; medias=\u00a0\u00bb83659&Prime; gutter_size=\u00a0\u00bb3&Prime; screen_lg=\u00a0\u00bb1000&Prime; screen_md=\u00a0\u00bb600&Prime; screen_sm=\u00a0\u00bb480&Prime; single_overlay_opacity=\u00a0\u00bb50&Prime; single_padding=\u00a0\u00bb2&Prime;][vc_single_image media=\u00a0\u00bb83670&Prime; media_width_percent=\u00a0\u00bb100&Prime; media_link=\u00a0\u00bburl:https%3A%2F%2Fphotos.google.com%2Fshare%2FAF1QipPL5p660OG-kH7JL17S8Ns8QQf3WbAhK8InO2oeImbLkCmWCgTdFOSQnGg1_709lw%3Ffbclid%3DIwAR3JbC9JFzfWOp9itEaaDL7cVhRMw_UOsRjSZAxr_K-d34Y04f5TZzQ4eeI%26key%3DT1JBcU8zbGEzVE5uTW9aejJ4TnB5bnE3UHp5X3VR\u00a0\u00bb title=\u00a0\u00bbPhotos :\u00a0\u00bb][\/vc_column][\/vc_row][vc_row][vc_column width=\u00a0\u00bb1\/1&Prime;][vc_row_inner limit_content=\u00a0\u00bb\u00a0\u00bb][vc_column_inner width=\u00a0\u00bb1\/3&Prime;][vc_column_text]<\/p>\n<h4><strong>Pr\u00e9sentation de l&rsquo;\u00e9dition 2024<\/strong><\/h4>\n<p><strong>Mercredi 1er mai 2024..! F\u00eate traditionnelle du travail, du muguet et depuis 2009, F\u00eate du v\u00e9lo en Essonne avec l&rsquo;organisation de cette randonn\u00e9e par V\u00e9lostar Organisation et le concours du Team cycliste Morangis. LA VELOSTAR 91 revient cette ann\u00e9e encore avec un format in\u00e9dit et devient une RANDO-CYCLO avec 3 parcours d\u00e9couverte du patrimoine Essonnien.\u00a0<\/strong><\/p>\n<div data-canvas-width=\"618.2733333333333\">\n<div data-canvas-width=\"618.2733333333333\"><span style=\"color: #008000;\">La cyclosportive LA VELOSTAR 91 se transforme et devient une randonn\u00e9e cycliste ouverte \u00e0 <strong>TOUTES<\/strong> et <strong>TOUS<\/strong>, v\u00e9los musculaires et VAE, et d\u00e9clin\u00e9e en 3 parcours au d\u00e9part du gymnase Fran\u00e7ois Ruiz, rue des prairies \u00e0 Breuillet 91.<\/span><\/div>\n<div data-canvas-width=\"618.2733333333333\"><\/div>\n<div data-canvas-width=\"618.2733333333333\"><span style=\"color: #008000;\">L\u2019id\u00e9e est de faire d\u00e9couvrir aux cyclos les magnifiques parcours du patrimoine Essonnien avec la d\u00e9couverte de l&rsquo;\u00e9glise de Saint Ch\u00e9ron, du Ch\u00e2teau de Dourdan, celui de Farcheville, celui de Chamarande, celui de Mesnil-Voysin, l&rsquo;\u00e9glise de Saint Sulpice de Favi\u00e8res <\/span><span style=\"color: #008000;\">et la base de loisirs d\u2019Etampes.<\/span><\/div>\n<div data-canvas-width=\"228.30499999999998\"><\/div>\n<div data-canvas-width=\"238.33333333333337\"><span style=\"color: #008000;\">Elle est organis\u00e9e le mercredi 1er mai 2024 par le Team Cycliste Morangis avec le concours de VELOSTAR ORGANISATION.<\/span><\/div>\n<div data-canvas-width=\"705.118333333333\"><span style=\"color: #008000;\">Comme toute randonn\u00e9e, elle ne sera pas chronom\u00e9tr\u00e9e et il n\u2019y aura donc pas de classement.<\/span><\/div>\n<h3 data-canvas-width=\"705.118333333333\"><strong>Il faudra donc respecter le code de la route<\/strong><\/h3>\n<p>&nbsp;<\/p>\n<\/div>\n<h4 data-canvas-width=\"705.118333333333\"><strong>Parcours<\/strong><\/h4>\n<div data-canvas-width=\"21.174999999999997\"><span style=\"color: #008000;\">Le d\u00e9part de Breuillet est pr\u00e9vu en libre choix le matin du 1er mai de 8h \u00e0 9heures. La zone de d\u00e9part et arriv\u00e9e fermera \u00e0 15h et vous accueillera \u00e0 votre retour avec une petite coupe de champagne, un toast de foie gras et un brin de muguet.<\/span><\/div>\n<div data-canvas-width=\"731.2983333333334\"><span style=\"color: #008000;\">Les parcours seront fl\u00e9ch\u00e9s avec des fl\u00e8ches<strong> JAUNE<\/strong> ( grand parcours ), <strong>BLEU<\/strong> ( parcours moyen ) et <strong>VERTE<\/strong> ( petit parcours )<\/span><\/div>\n<div><\/div>\n<div data-canvas-width=\"125.84\"><span style=\"color: #008000;\"><strong>Le petit parcours<\/strong>\u00a0fera\u00a0<strong>30 km environ en mode VINTAGE<\/strong> pour ceux qui le souhaitent et aura un ravitaillement au ch\u00e2teau de Dourdan. D\u00e9part group\u00e9 \u00e0 9h<br \/>\n<\/span><\/div>\n<div data-canvas-width=\"125.84\">\n<div><\/div>\n<\/div>\n<div><\/div>\n<div data-canvas-width=\"476.5749999999999\"><span style=\"color: #008000;\"><strong>Le parcours moyen<\/strong>\u00a0fera\u00a0<strong>70 km environ<\/strong> et aura 3 ravitaillements Ch\u00e2teau de Dourdan, Base de loisirs d\u2019Etampes, ch\u00e2teau de Mesnil-Voisin. D\u00e9part group\u00e9 \u00e0 8h30<\/span><\/div>\n<div data-canvas-width=\"476.5749999999999\">\n<div><\/div>\n<div><\/div>\n<div><\/div>\n<\/div>\n<div data-canvas-width=\"171.19666666666663\"><span style=\"color: #008000;\"><strong>Le grand parcours<\/strong>\u00a0fera\u00a0<strong>environ 100 km<\/strong> et aura 3 ravitaillements \u00e9galement, Ch\u00e2teau de Dourdan, Base de Loisirs d\u2019Etampes et ch\u00e2teau de Mesnil-Voysin. D\u00e9part group\u00e9 \u00e0 8h<\/span><\/div>\n<div data-canvas-width=\"171.19666666666663\">\n<div><\/div>\n<div><\/div>\n<\/div>\n<div data-canvas-width=\"171.19666666666663\"><\/div>\n<div data-canvas-width=\"659.7616666666667\"><span style=\"color: #008000;\">Tous ces parcours sont ouverts \u00e0 toutes et tous en mode VELO musculaire ou mode VAE.<\/span><\/div>\n<div data-canvas-width=\"659.7616666666667\"><\/div>\n<div data-canvas-width=\"432.4099999999999\"><strong>Les parcours seront encadr\u00e9s par cyclistes et motos\u00a0 exp\u00e9riment\u00e9s qui feront office d\u2019anges gardiens<\/strong><strong> et visiteront le patrimoine Essonnien avec stand de ravitaillement sur chacun des sites visit\u00e9s.<\/strong><\/div>\n<h4 data-canvas-width=\"432.4099999999999\"><strong>Ravitaillement<\/strong><\/h4>\n<div data-canvas-width=\"265.7233333333333\"><span style=\"color: #008000;\">Les ravitaillements seront de<strong> haute qualit\u00e9 gustative avec des terrines en toast , verrines, fromage, fruits, chocolats, petits g\u00e2teaux <\/strong>accompagn\u00e9s d\u2019eau, jus de fruits et vin fin.<\/span><\/div>\n<div data-canvas-width=\"504.7899999999998\"><span style=\"color: #008000;\">Les ravitaillements seront r\u00e9serv\u00e9s aux participants inscrits et identifi\u00e9s par un bracelet.<\/span><\/div>\n<h4><strong>Permanence :<\/strong><\/h4>\n<h4>Le mercredi 1<sup>er<\/sup> mai 2024 de 7h \u00e0 15h au gymnase Fran\u00e7ois Ruiz \u00e0 Breuillet 91.<\/h4>\n<h4><strong>D\u00e9part :<br \/>\nLe mercredi <\/strong><strong>1er mai de 8h \u00e0 9h <\/strong><strong>au gymnase Fran\u00e7ois Ruiz, rue des prairies \u00e0 Breuillet\u00a0<\/strong><\/h4>\n<h5><span style=\"color: #008000;\"><em><strong>Pas de dossards, pas de classement mais 3 parcours fl\u00e9ch\u00e9s pour d\u00e9couvrir le patrimoine Essonnien<\/strong><\/em><\/span><\/h5>\n<p>[\/vc_column_text][vc_button button_color=\u00a0\u00bbcolor-209672&Prime; border_width=\u00a0\u00bb0&Prime; link=\u00a0\u00bburl:http%3A%2F%2Fvelostarorganisation.com%2Fwp-content%2Fuploads%2F2023%2F10%2FREGLEMENT-Rando-Velostar-2024.pdf|title:R%C3%A9glement%20V%C3%A9lostar91|target:_blank\u00a0\u00bb]R\u00e8glement de l&rsquo;\u00e9preuve[\/vc_button][\/vc_column_inner][vc_column_inner width=\u00a0\u00bb1\/3&Prime;][vc_single_image media=\u00a0\u00bb83473&Prime; media_width_percent=\u00a0\u00bb64&Prime; title=\u00a0\u00bbPhotos : \u00ab\u00a0Sport&rsquo;n Connect\u00ab\u00a0\u00ab\u00a0][vc_single_image media=\u00a0\u00bb83472&Prime; media_width_percent=\u00a0\u00bb55&Prime;][vc_single_image media=\u00a0\u00bb83485&Prime; media_width_percent=\u00a0\u00bb65&Prime;][vc_single_image media=\u00a0\u00bb83478&Prime; media_width_percent=\u00a0\u00bb59&Prime;][vc_single_image media=\u00a0\u00bb83486&Prime; media_width_percent=\u00a0\u00bb38&Prime;][vc_single_image media=\u00a0\u00bb83551&Prime; media_width_percent=\u00a0\u00bb65&Prime;][vc_single_image media=\u00a0\u00bb83748&Prime; media_width_percent=\u00a0\u00bb100&Prime;][vc_single_image media=\u00a0\u00bb83750&Prime; media_width_percent=\u00a0\u00bb100&Prime;][vc_single_image media=\u00a0\u00bb83752&Prime; media_width_percent=\u00a0\u00bb100&Prime;][\/vc_column_inner][vc_column_inner width=\u00a0\u00bb1\/3&Prime;][vc_single_image media=\u00a0\u00bb83561&Prime; media_width_percent=\u00a0\u00bb100&Prime; title=\u00a0\u00bbPhotos : Essonne Tourisme\/Sarah Strohm\u00a0\u00bb][vc_single_image media=\u00a0\u00bb83560&Prime; media_width_percent=\u00a0\u00bb100&Prime;][vc_single_image media=\u00a0\u00bb83563&Prime; media_width_percent=\u00a0\u00bb100&Prime;][vc_single_image media=\u00a0\u00bb83556&Prime; media_width_percent=\u00a0\u00bb100&Prime;][vc_single_image media=\u00a0\u00bb83646&Prime; media_width_percent=\u00a0\u00bb100&Prime;][vc_single_image media=\u00a0\u00bb83643&Prime; media_width_percent=\u00a0\u00bb100&Prime;][vc_single_image media=\u00a0\u00bb83749&Prime; media_width_percent=\u00a0\u00bb100&Prime;][vc_single_image media=\u00a0\u00bb83751&Prime; media_width_percent=\u00a0\u00bb100&Prime;][\/vc_column_inner][\/vc_row_inner][\/vc_column][\/vc_row][vc_row row_height_percent=\u00a0\u00bb0&Prime; back_color=\u00a0\u00bbcolor-uydo\u00a0\u00bb overlay_alpha=\u00a0\u00bb50&Prime; gutter_size=\u00a0\u00bb3&Prime; column_width_percent=\u00a0\u00bb100&Prime; shift_y=\u00a0\u00bb0&Prime; z_index=\u00a0\u00bb0&Prime;][vc_column width=\u00a0\u00bb1\/1&Prime;][vc_custom_heading]<\/p>\n<h2>Parcours<\/h2>\n<p>[\/vc_custom_heading][vc_row_inner row_inner_height_percent=\u00a0\u00bb0&Prime; back_color=\u00a0\u00bbcolor-xsdn\u00a0\u00bb overlay_alpha=\u00a0\u00bb50&Prime; gutter_size=\u00a0\u00bb3&Prime; border_color=\u00a0\u00bbcolor-gyho\u00a0\u00bb border_style=\u00a0\u00bbsolid\u00a0\u00bb shift_y=\u00a0\u00bb0&Prime; z_index=\u00a0\u00bb0&Prime; css=\u00a0\u00bb.vc_custom_1592829997233{border-top-width: 1px !important;border-right-width: 1px !important;border-bottom-width: 1px !important;border-left-width: 1px !important;padding-top: 15px !important;padding-right: 15px !important;padding-bottom: 15px !important;padding-left: 15px !important;}\u00a0\u00bb el_class=\u00a0\u00bbshadow\u00a0\u00bb limit_content=\u00a0\u00bb\u00a0\u00bb][vc_column_inner column_width_percent=\u00a0\u00bb100&Prime; position_vertical=\u00a0\u00bbmiddle\u00a0\u00bb gutter_size=\u00a0\u00bb3&Prime; overlay_alpha=\u00a0\u00bb50&Prime; shift_x=\u00a0\u00bb0&Prime; shift_y=\u00a0\u00bb0&Prime; shift_y_down=\u00a0\u00bb0&Prime; z_index=\u00a0\u00bb0&Prime; medium_width=\u00a0\u00bb0&Prime; mobile_width=\u00a0\u00bb0&Prime; width=\u00a0\u00bb1\/3&Prime;][vc_column_text]<\/p>\n<h2>La V\u00e9loStar 91<\/h2>\n<p>[\/vc_column_text][vc_column_text]Date: 01\/05\/2024<br \/>\nHeure de d\u00e9part: De 7h \u00e0 9h<br \/>\nDistance: 30, 70 et 100 km[\/vc_column_text][vc_button button_color=\u00a0\u00bbcolor-152202&Prime; border_width=\u00a0\u00bb0&Prime; link=\u00a0\u00bburl:https%3A%2F%2Fwww.openrunner.com%2Fr%2F7117721|||\u00a0\u00bb]Plus d&rsquo;infos[\/vc_button][\/vc_column_inner][vc_column_inner width=\u00a0\u00bb1\/3&Prime;][vc_single_image media=\u00a0\u00bb83632&Prime; media_width_percent=\u00a0\u00bb100&Prime; media_link=\u00a0\u00bburl:https%3A%2F%2Fwww.openrunner.com%2Fr%2F14306664&Prime;][vc_single_image media=\u00a0\u00bb83657&Prime; media_width_percent=\u00a0\u00bb100&Prime; media_link=\u00a0\u00bburl:https%3A%2F%2Fwww.openrunner.com%2Froute-details%2F14307188&Prime;][vc_single_image media=\u00a0\u00bb83658&Prime; media_width_percent=\u00a0\u00bb100&Prime; media_link=\u00a0\u00bburl:https%3A%2F%2Fwww.openrunner.com%2Froute-details%2F14583443&Prime;][\/vc_column_inner][vc_column_inner width=\u00a0\u00bb1\/3&Prime;][vc_empty_space empty_h=\u00a0\u00bb4&Prime;][vc_column_text]&lt; Parcours de 30km[\/vc_column_text][vc_empty_space empty_h=\u00a0\u00bb4&Prime;][vc_empty_space empty_h=\u00a0\u00bb4&Prime;][vc_column_text]&lt; Parcours de 70km[\/vc_column_text][vc_empty_space empty_h=\u00a0\u00bb4&Prime;][vc_empty_space empty_h=\u00a0\u00bb3&Prime;][vc_empty_space empty_h=\u00a0\u00bb3&Prime;][vc_column_text]&lt; Parcours de 100km[\/vc_column_text][\/vc_column_inner][\/vc_row_inner][\/vc_column][\/vc_row][vc_row][vc_column column_width_percent=\u00a0\u00bb100&Prime; position_vertical=\u00a0\u00bbmiddle\u00a0\u00bb align_horizontal=\u00a0\u00bbalign_center\u00a0\u00bb gutter_size=\u00a0\u00bb3&Prime; overlay_alpha=\u00a0\u00bb50&Prime; shift_x=\u00a0\u00bb0&Prime; shift_y=\u00a0\u00bb0&Prime; shift_y_down=\u00a0\u00bb0&Prime; z_index=\u00a0\u00bb0&Prime; medium_width=\u00a0\u00bb0&Prime; mobile_width=\u00a0\u00bb0&Prime; width=\u00a0\u00bb1\/1&Prime;][vc_empty_space empty_h=\u00a0\u00bb2&Prime;][vc_custom_heading]<\/p>\n<h2><span class=\"font-377884\" style=\"vertical-align: inherit;\"><span style=\"vertical-align: inherit;\"><span style=\"vertical-align: inherit;\"><span style=\"vertical-align: inherit;\"><span style=\"vertical-align: inherit;\"><span style=\"vertical-align: inherit;\"><span style=\"vertical-align: inherit;\"><span style=\"vertical-align: inherit;\"><span style=\"vertical-align: inherit;\"><span style=\"vertical-align: inherit;\">INFORMATIONS IMPORTANTES<\/span><\/span><\/span><\/span><\/span><\/span><\/span><\/span><\/span><\/span><\/h2>\n<p>[\/vc_custom_heading][vc_empty_space empty_h=\u00a0\u00bb0&Prime;][\/vc_column][\/vc_row][vc_row][vc_column width=\u00a0\u00bb1\/4&Prime;][vc_single_image media=\u00a0\u00bb83072&Prime; media_width_percent=\u00a0\u00bb50&Prime; alignment=\u00a0\u00bbcenter\u00a0\u00bb][vc_column_text]<\/p>\n<h4 style=\"text-align: center;\"><span class=\"font-377884\" style=\"color: #e82020;\"><strong><span style=\"vertical-align: inherit;\"><span style=\"vertical-align: inherit;\"><span style=\"vertical-align: inherit;\"><span style=\"vertical-align: inherit;\"><span style=\"vertical-align: inherit;\"><span style=\"vertical-align: inherit;\"><span style=\"vertical-align: inherit;\">Parking\u00a0<\/span><\/span><\/span><\/span><\/span><\/span><\/span><\/strong><\/span><\/h4>\n<p style=\"text-align: center;\"><span class=\"font-377884\" style=\"vertical-align: inherit;\"><span style=\"vertical-align: inherit;\"><span style=\"vertical-align: inherit;\"><span style=\"vertical-align: inherit;\"><span style=\"vertical-align: inherit;\"><span style=\"vertical-align: inherit;\"><span style=\"vertical-align: inherit;\"><span style=\"vertical-align: inherit;\">Gymnase Fran\u00e7ois Ruiz &#8211; rue des prairies &#8211; 91650 Breuillet <\/span><\/span><\/span><\/span><br \/>\n<span style=\"vertical-align: inherit;\"><span style=\"vertical-align: inherit;\"><span style=\"vertical-align: inherit;\"><span style=\"vertical-align: inherit;\">Parking de la gare de Breuillet village et gare de Breuillet Bruy\u00e8res le chaltel. <\/span><\/span><\/span><\/span><br \/>\n<span style=\"color: #e82020;\"><span style=\"vertical-align: inherit;\"><span style=\"vertical-align: inherit;\"><span style=\"vertical-align: inherit;\"><span style=\"vertical-align: inherit;\">Pour les camping-cars = Parking de la gare de Breuillet village<\/span><\/span><\/span><\/span><\/span><\/span><\/span><\/span><\/span><\/p>\n<h4><\/h4>\n<p>[\/vc_column_text][\/vc_column][vc_column width=\u00a0\u00bb1\/4&Prime;][vc_single_image media=\u00a0\u00bb83075&Prime; media_width_percent=\u00a0\u00bb50&Prime; alignment=\u00a0\u00bbcenter\u00a0\u00bb][vc_column_text]<\/p>\n<h4 style=\"text-align: center;\"><strong><span class=\"font-377884\" style=\"vertical-align: inherit; color: #e82020;\"><span style=\"vertical-align: inherit;\"><span style=\"vertical-align: inherit;\"><span style=\"vertical-align: inherit;\">Contacter l&rsquo;organisateur<\/span><\/span><\/span><\/span><\/strong><\/h4>\n<p style=\"text-align: center;\"><span class=\"font-377884\" style=\"vertical-align: inherit;\"><span style=\"vertical-align: inherit;\"><span style=\"vertical-align: inherit;\">T\u00e9l: 06.81.31.48.49<\/span><\/span><\/span><\/p>\n<p style=\"text-align: center;\"><span class=\"font-377884\" style=\"vertical-align: inherit;\"><span style=\"vertical-align: inherit;\"><span style=\"vertical-align: inherit;\">Courriel: velostar9@gmail.com<\/span><\/span><\/span><\/p>\n<p>[\/vc_column_text][\/vc_column][vc_column width=\u00a0\u00bb1\/4&Prime;][vc_single_image media=\u00a0\u00bb83120&Prime; media_width_percent=\u00a0\u00bb50&Prime; alignment=\u00a0\u00bbcenter\u00a0\u00bb][vc_column_text]<\/p>\n<h4 style=\"text-align: center;\"><span class=\"font-377884\" style=\"color: #e82020;\"><strong><span style=\"vertical-align: inherit;\"><span style=\"vertical-align: inherit;\"><span style=\"vertical-align: inherit;\">H\u00e9bergement\u00a0<\/span><\/span><\/span><\/strong><\/span><\/h4>\n<p style=\"font-weight: 400; text-align: center;\"><span class=\"font-377884\"><span style=\"vertical-align: inherit;\"><span style=\"vertical-align: inherit;\">Le manoir du pont cag\u00e9 \u00e0 Boissy sous Saint Yon (91790) <\/span><\/span><br \/>\n<\/span><span class=\"font-377884\"><span style=\"vertical-align: inherit;\"><span style=\"vertical-align: inherit;\">Les Magnolias \u00e0 St Ch\u00e9ron (91530) <\/span><\/span><br \/>\n<\/span><span class=\"font-377884\"><span style=\"vertical-align: inherit;\"><span style=\"vertical-align: inherit;\">R\u00e9sidence Oc\u00e9ane \u00e0 Avrainville<br \/>\n(91630)<\/span><\/span><\/span>[\/vc_column_text][\/vc_column][vc_column width=\u00a0\u00bb1\/4&Prime;][vc_single_image media=\u00a0\u00bb83079&Prime; media_width_percent=\u00a0\u00bb50&Prime; alignment=\u00a0\u00bbcenter\u00a0\u00bb][vc_column_text]<\/p>\n<h4 style=\"text-align: center;\"><span class=\"font-377884\" style=\"color: #e82020;\"><strong><span style=\"vertical-align: inherit;\">Sanitaires\u00a0<\/span><\/strong><\/span><\/h4>\n<p style=\"font-weight: 400; text-align: center;\"><span class=\"font-377884\"><span style=\"vertical-align: inherit;\">Des douches seront disponibles \u00e0 l&rsquo;arriv\u00e9e.<\/span><\/span><\/p>\n<p>[\/vc_column_text][\/vc_column][\/vc_row][vc_row][vc_column width=\u00a0\u00bb1\/1&Prime;][vc_empty_space empty_h=\u00a0\u00bb0&Prime;][\/vc_column][\/vc_row][vc_row row_height_percent=\u00a0\u00bb0&Prime; back_color=\u00a0\u00bbcolor-nhtu\u00a0\u00bb overlay_alpha=\u00a0\u00bb50&Prime; gutter_size=\u00a0\u00bb3&Prime; column_width_percent=\u00a0\u00bb100&Prime; shift_y=\u00a0\u00bb0&Prime; z_index=\u00a0\u00bb0&Prime;][vc_column width=\u00a0\u00bb1\/1&Prime;][vc_custom_heading]<\/p>\n<h2><span style=\"vertical-align: inherit; color: #ffffff;\"><span style=\"vertical-align: inherit;\"><span style=\"vertical-align: inherit;\"><span style=\"vertical-align: inherit;\"><span style=\"vertical-align: inherit;\"><span style=\"vertical-align: inherit;\">Notre Ev\u00e8nement<\/span><\/span><\/span><\/span><\/span><\/span><\/h2>\n<p>[\/vc_custom_heading][\/vc_column][\/vc_row][vc_row row_height_percent=\u00a0\u00bb0&Prime; back_color=\u00a0\u00bbcolor-nhtu\u00a0\u00bb overlay_alpha=\u00a0\u00bb50&Prime; gutter_size=\u00a0\u00bb3&Prime; column_width_percent=\u00a0\u00bb100&Prime; shift_y=\u00a0\u00bb0&Prime; z_index=\u00a0\u00bb0&Prime;][vc_column width=\u00a0\u00bb1\/1&Prime;][vc_row_inner limit_content=\u00a0\u00bb\u00a0\u00bb][vc_column_inner width=\u00a0\u00bb1\/2&Prime;][vc_custom_heading]<span style=\"color: #ffffff;\"><strong><span class=\"font-377884\"><span style=\"vertical-align: inherit;\"><span style=\"vertical-align: inherit;\">Photos<\/span><\/span><\/span><\/strong><\/span>[\/vc_custom_heading][vc_single_image media=\u00a0\u00bb83133&Prime; media_width_percent=\u00a0\u00bb80&Prime;][vc_button button_color=\u00a0\u00bbcolor-209672&Prime; border_width=\u00a0\u00bb0&Prime; link=\u00a0\u00bburl:https%3A%2F%2Fwww.flickr.com%2Fphotos%2F150057726%40N08%2Fsets%2F72157683318792666%2F|||\u00a0\u00bb]Plus de photos[\/vc_button][\/vc_column_inner][vc_column_inner width=\u00a0\u00bb1\/2&Prime;][vc_custom_heading]<span class=\"font-377884\" style=\"color: #ffffff;\"><strong><span style=\"vertical-align: inherit;\"><span style=\"vertical-align: inherit;\">R\u00e9sultats<\/span><\/span><\/strong><\/span>[\/vc_custom_heading][vc_column_text]<span class=\"font-377884\" style=\"color: white;\">Cliquez pour voir les\u00a0classements la derni\u00e8re \u00e9dition de la V\u00e9lostar 91.<\/span>[\/vc_column_text][vc_button button_color=\u00a0\u00bbcolor-209672&Prime; border_width=\u00a0\u00bb0&Prime; link=\u00a0\u00bburl:https%3A%2F%2Fgenialp.com%2Fevenements%2FLa-VeloStar|||\u00a0\u00bb]Classement 2019[\/vc_button][\/vc_column_inner][\/vc_row_inner][\/vc_column][\/vc_row][vc_row][vc_column width=\u00a0\u00bb1\/1&Prime;][vc_empty_space empty_h=\u00a0\u00bb2&Prime;][vc_custom_heading]<\/p>\n<h2>Le challenge Assurances V\u00e9lo<\/h2>\n<p>[\/vc_custom_heading][vc_column_text]Nos deux \u00e9preuves<strong> la Jacques Gouin<\/strong> et <strong>la V\u00e9lostar 91<\/strong> sont regroup\u00e9es dans le challenge Assurances Velo et voir le r\u00e9glement sur :<\/p>\n<p>https;\/\/challengeassurancesvelo.com[\/vc_column_text][vc_button button_color=\u00a0\u00bbcolor-209672&Prime; border_width=\u00a0\u00bb0&Prime; link=\u00a0\u00bburl:http%3A%2F%2Fchallengeassurancesvelo.com%2F%23reglement|title:Page%20d%E2%80%99exemple\u00a0\u00bb]Voir le r\u00e8glement du challenge[\/vc_button][\/vc_column][\/vc_row][vc_row][vc_column width=\u00a0\u00bb1\/1&Prime;][vc_empty_space empty_h=\u00a0\u00bb2&Prime;][vc_custom_heading]<\/p>\n<h2><span class=\"font-377884\" style=\"vertical-align: inherit;\"><span style=\"vertical-align: inherit;\"><span style=\"vertical-align: inherit;\"><span style=\"vertical-align: inherit;\">Autres \u00e9preuves : <\/span><\/span><\/span><\/span><\/h2>\n<p>[\/vc_custom_heading][\/vc_column][\/vc_row][vc_row][vc_column width=\u00a0\u00bb1\/1&Prime;][vc_row_inner row_inner_height_percent=\u00a0\u00bb0&Prime; overlay_alpha=\u00a0\u00bb50&Prime; gutter_size=\u00a0\u00bb3&Prime; border_color=\u00a0\u00bbcolor-wayh\u00a0\u00bb border_style=\u00a0\u00bbsolid\u00a0\u00bb shift_y=\u00a0\u00bb0&Prime; z_index=\u00a0\u00bb0&Prime; css=\u00a0\u00bb.vc_custom_1591189517587{border-top-width: 1px !important;border-right-width: 1px !important;border-bottom-width: 1px !important;border-left-width: 1px !important;padding-top: 15px !important;padding-right: 15px !important;padding-bottom: 15px !important;padding-left: 15px !important;}\u00a0\u00bb limit_content=\u00a0\u00bb\u00a0\u00bb][vc_column_inner width=\u00a0\u00bb2\/3&Prime;][vc_custom_heading]<\/p>\n<h2><span class=\"font-377884\"><span style=\"vertical-align: inherit;\"><span style=\"vertical-align: inherit;\">Crito&rsquo;Star<\/span><\/span><\/span><\/h2>\n<p>[\/vc_custom_heading][vc_empty_space empty_h=\u00a0\u00bb1&Prime;][vc_column_text]<span class=\"font-377884\"><span style=\"vertical-align: inherit;\">M\u00e9diath\u00e8que Quai Choisy &#8211; 94600 Choisy le Roi<\/span><\/span>[\/vc_column_text][vc_empty_space empty_h=\u00a0\u00bb1&Prime;][vc_button button_color=\u00a0\u00bbcolor-209672&Prime; border_width=\u00a0\u00bb0&Prime; link=\u00a0\u00bburl:https%3A%2F%2Factuvelostar.wixsite.com%2Fcritostar|||\u00a0\u00bb]Voir la Page[\/vc_button][\/vc_column_inner][vc_column_inner width=\u00a0\u00bb1\/3&Prime;][vc_single_image media=\u00a0\u00bb83098&Prime; media_width_percent=\u00a0\u00bb100&Prime; media_ratio=\u00a0\u00bbfour-three\u00a0\u00bb][\/vc_column_inner][\/vc_row_inner][\/vc_column][\/vc_row][vc_row][vc_column width=\u00a0\u00bb1\/1&Prime;][vc_row_inner row_inner_height_percent=\u00a0\u00bb0&Prime; overlay_alpha=\u00a0\u00bb50&Prime; gutter_size=\u00a0\u00bb3&Prime; border_color=\u00a0\u00bbcolor-wayh\u00a0\u00bb border_style=\u00a0\u00bbsolid\u00a0\u00bb shift_y=\u00a0\u00bb0&Prime; z_index=\u00a0\u00bb0&Prime; css=\u00a0\u00bb.vc_custom_1591189629711{border-top-width: 1px !important;border-right-width: 1px !important;border-bottom-width: 1px !important;border-left-width: 1px !important;padding-top: 15px !important;padding-right: 15px !important;padding-bottom: 15px !important;padding-left: 15px !important;}\u00a0\u00bb limit_content=\u00a0\u00bb\u00a0\u00bb][vc_column_inner width=\u00a0\u00bb2\/3&Prime;][vc_custom_heading]<\/p>\n<h2><span class=\"font-377884\" style=\"vertical-align: inherit;\"><span style=\"vertical-align: inherit;\"><span style=\"vertical-align: inherit;\"><span style=\"vertical-align: inherit;\"><span style=\"vertical-align: inherit;\"><span style=\"vertical-align: inherit;\">Jacques Gouin<\/span><\/span><\/span><\/span><\/span><\/span><\/h2>\n<p>[\/vc_custom_heading][vc_empty_space empty_h=\u00a0\u00bb2&Prime;][vc_column_text]<span class=\"font-377884\">Parc de Villeroy \u2013 91540 Mennecy<\/span>[\/vc_column_text][vc_empty_space empty_h=\u00a0\u00bb2&Prime;][vc_button button_color=\u00a0\u00bbcolor-209672&Prime; border_width=\u00a0\u00bb0&Prime; link=\u00a0\u00bburl:http%3A%2F%2Fvelostarorganisation.com%2Findex.php%2Fjacques-gouin%2F|||\u00a0\u00bb]Voir la Page[\/vc_button][\/vc_column_inner][vc_column_inner width=\u00a0\u00bb1\/3&Prime;][vc_single_image media=\u00a0\u00bb83083&Prime; media_width_percent=\u00a0\u00bb100&Prime; media_ratio=\u00a0\u00bbfour-three\u00a0\u00bb][\/vc_column_inner][\/vc_row_inner][\/vc_column][\/vc_row][vc_row][vc_column width=\u00a0\u00bb1\/1&Prime;][vc_row_inner row_inner_height_percent=\u00a0\u00bb0&Prime; overlay_alpha=\u00a0\u00bb50&Prime; gutter_size=\u00a0\u00bb3&Prime; border_color=\u00a0\u00bbcolor-wayh\u00a0\u00bb border_style=\u00a0\u00bbsolid\u00a0\u00bb shift_y=\u00a0\u00bb0&Prime; z_index=\u00a0\u00bb0&Prime; css=\u00a0\u00bb.vc_custom_1591189655929{border-top-width: 1px !important;border-right-width: 1px !important;border-bottom-width: 1px !important;border-left-width: 1px !important;padding-top: 15px !important;padding-right: 15px !important;padding-bottom: 15px !important;padding-left: 15px !important;}\u00a0\u00bb limit_content=\u00a0\u00bb\u00a0\u00bb][vc_column_inner width=\u00a0\u00bb2\/3&Prime;][vc_custom_heading]<\/p>\n<h2><span class=\"font-377884\" style=\"vertical-align: inherit;\"><span style=\"vertical-align: inherit;\"><span style=\"vertical-align: inherit;\"><span style=\"vertical-align: inherit;\">Gala Stars en Piste<\/span><\/span><\/span><\/span><\/h2>\n<p>[\/vc_custom_heading][vc_empty_space empty_h=\u00a0\u00bb2&Prime;][vc_column_text]<span class=\"font-377884\"><span class=\"w8qArf\"><span style=\"vertical-align: inherit;\"><span style=\"vertical-align: inherit;\">V\u00e9lodrome de Saint Quentin en Yvelines <\/span><\/span><br \/>\n<\/span><span class=\"LrzXr\"><span style=\"vertical-align: inherit;\"><span style=\"vertical-align: inherit;\">1 Rue Laurent Fignon\u00a0 &#8211;\u00a0<\/span><\/span><\/span><span class=\"LrzXr\"><span style=\"vertical-align: inherit;\"><span style=\"vertical-align: inherit;\">78180 Montigny-le-Bretonneux<\/span><\/span><\/span><\/span>[\/vc_column_text][vc_empty_space empty_h=\u00a0\u00bb2&Prime;][vc_button button_color=\u00a0\u00bbcolor-209672&Prime; border_width=\u00a0\u00bb0&Prime; link=\u00a0\u00bburl:https%3A%2F%2Fgala-stars-en-piste.com%2F|||\u00a0\u00bb]Voir la Page[\/vc_button][\/vc_column_inner][vc_column_inner width=\u00a0\u00bb1\/3&Prime;][vc_single_image media=\u00a0\u00bb83309&Prime; media_width_percent=\u00a0\u00bb100&Prime;][\/vc_column_inner][\/vc_row_inner][\/vc_column][\/vc_row][vc_row][vc_column width=\u00a0\u00bb1\/1&Prime;][vc_custom_heading]<\/p>\n<h2><span class=\"font-377884\" style=\"vertical-align: inherit;\"><span style=\"vertical-align: inherit;\"><span style=\"vertical-align: inherit;\"><span style=\"vertical-align: inherit;\">Partenaires<\/span><\/span><\/span><\/span><\/h2>\n<p>[\/vc_custom_heading][vc_empty_space empty_h=\u00a0\u00bb0&Prime;][vc_gallery el_id=\u00a0\u00bbgallery-119052&Prime; type=\u00a0\u00bbcarousel\u00a0\u00bb medias=\u00a0\u00bb83031,83048,83047,83046,83045,83044,83043,83042,83041,83040,83038,83037,83035,83034,83033,83544&Prime; carousel_lg=\u00a0\u00bb7&Prime; carousel_md=\u00a0\u00bb3&Prime; carousel_sm=\u00a0\u00bb1&Prime; thumb_size=\u00a0\u00bbfour-three\u00a0\u00bb gutter_size=\u00a0\u00bb3&Prime; carousel_interval=\u00a0\u00bb3000&Prime; carousel_navspeed=\u00a0\u00bb400&Prime; stage_padding=\u00a0\u00bb0&Prime; single_overlay_opacity=\u00a0\u00bb50&Prime; single_padding=\u00a0\u00bb2&Prime;][vc_empty_space empty_h=\u00a0\u00bb2&Prime;][\/vc_column][\/vc_row][vc_row row_height_percent=\u00a0\u00bb0&Prime; back_color=\u00a0\u00bbcolor-nhtu\u00a0\u00bb overlay_alpha=\u00a0\u00bb50&Prime; gutter_size=\u00a0\u00bb3&Prime; column_width_percent=\u00a0\u00bb100&Prime; shift_y=\u00a0\u00bb0&Prime; z_index=\u00a0\u00bb0&Prime;][vc_column width=\u00a0\u00bb1\/1&Prime;][vc_custom_heading]<span class=\"font-377884\" style=\"color: #ffffff;\"><span style=\"vertical-align: inherit;\"><span style=\"vertical-align: inherit;\">Participez d\u00e8s maintenant \u00e0 la Jacques Gouin<\/span><\/span><\/span>[\/vc_custom_heading][vc_column_text]<span style=\"vertical-align: inherit; color: #ffffff;\"><span style=\"vertical-align: inherit;\">Courriel: velostar@wanadoo.fr<\/span><\/span>[\/vc_column_text][vc_column_text]<span style=\"vertical-align: inherit; color: #ffffff;\"><span style=\"vertical-align: inherit;\">T\u00e9l\u00e9phone: 06.81.31.48.49<\/span><\/span>[\/vc_column_text][vc_button button_color=\u00a0\u00bbcolor-152202&Prime; border_width=\u00a0\u00bb0&Prime; link=\u00a0\u00bburl:https%3A%2F%2Fsportsnconnect.lequipe.fr%2Fcalendrier-evenements%2Fview%2F5804%2Frando-cyclo-la-velostar-91|||\u00a0\u00bb]Inscription[\/vc_button][\/vc_column][\/vc_row]<\/p>\n<\/div>","protected":false},"excerpt":{"rendered":"<p>[vc_row row_height_percent=\u00a0\u00bb0&Prime; back_color=\u00a0\u00bbcolor-nhtu\u00a0\u00bb back_image=\u00a0\u00bb83440&Prime; overlay_color=\u00a0\u00bbcolor-wayh\u00a0\u00bb overlay_alpha=\u00a0\u00bb50&Prime; gutter_size=\u00a0\u00bb3&Prime; column_width_percent=\u00a0\u00bb100&Prime; shift_y=\u00a0\u00bb0&Prime; z_index=\u00a0\u00bb0&Prime;][vc_column column_width_percent=\u00a0\u00bb100&Prime; position_vertical=\u00a0\u00bbmiddle\u00a0\u00bb align_horizontal=\u00a0\u00bbalign_center\u00a0\u00bb gutter_size=\u00a0\u00bb3&Prime; overlay_alpha=\u00a0\u00bb50&Prime; shift_x=\u00a0\u00bb0&Prime; shift_y=\u00a0\u00bb0&Prime; shift_y_down=\u00a0\u00bb0&Prime; z_index=\u00a0\u00bb0&Prime; medium_width=\u00a0\u00bb0&Prime; [&hellip;]<\/p>\n","protected":false},"author":1,"featured_media":0,"parent":0,"menu_order":0,"comment_status":"closed","ping_status":"closed","template":"","meta":{"footnotes":""},"class_list":["post-83105","page","type-page","status-publish","hentry"],"yoast_head":"<!-- This site is optimized with the Yoast SEO plugin v26.9 - https:\/\/yoast.com\/product\/yoast-seo-wordpress\/ -->\n<title>Velostar91 - Velostar Organisation<\/title>\n<meta name=\"robots\" content=\"index, follow, max-snippet:-1, max-image-preview:large, max-video-preview:-1\" \/>\n<link rel=\"canonical\" href=\"https:\/\/velostarorganisation.com\/index.php\/velostar91\/\" \/>\n<meta property=\"og:locale\" content=\"fr_FR\" \/>\n<meta property=\"og:type\" content=\"article\" \/>\n<meta property=\"og:title\" content=\"Velostar91 - Velostar Organisation\" \/>\n<meta property=\"og:description\" content=\"[vc_row row_height_percent=\u00a0\u00bb0&Prime; back_color=\u00a0\u00bbcolor-nhtu\u00a0\u00bb back_image=\u00a0\u00bb83440&Prime; overlay_color=\u00a0\u00bbcolor-wayh\u00a0\u00bb overlay_alpha=\u00a0\u00bb50&Prime; gutter_size=\u00a0\u00bb3&Prime; column_width_percent=\u00a0\u00bb100&Prime; shift_y=\u00a0\u00bb0&Prime; z_index=\u00a0\u00bb0&Prime;][vc_column column_width_percent=\u00a0\u00bb100&Prime; position_vertical=\u00a0\u00bbmiddle\u00a0\u00bb align_horizontal=\u00a0\u00bbalign_center\u00a0\u00bb gutter_size=\u00a0\u00bb3&Prime; overlay_alpha=\u00a0\u00bb50&Prime; shift_x=\u00a0\u00bb0&Prime; shift_y=\u00a0\u00bb0&Prime; shift_y_down=\u00a0\u00bb0&Prime; z_index=\u00a0\u00bb0&Prime; medium_width=\u00a0\u00bb0&Prime; [&hellip;]\" \/>\n<meta property=\"og:url\" content=\"https:\/\/velostarorganisation.com\/index.php\/velostar91\/\" \/>\n<meta property=\"og:site_name\" content=\"Velostar Organisation\" \/>\n<meta property=\"article:modified_time\" content=\"2024-04-29T10:31:24+00:00\" \/>\n<meta name=\"twitter:card\" content=\"summary_large_image\" \/>\n<meta name=\"twitter:label1\" content=\"Dur\u00e9e de lecture estim\u00e9e\" \/>\n\t<meta name=\"twitter:data1\" content=\"7 minutes\" \/>\n<script type=\"application\/ld+json\" class=\"yoast-schema-graph\">{\"@context\":\"https:\/\/schema.org\",\"@graph\":[{\"@type\":\"WebPage\",\"@id\":\"https:\/\/velostarorganisation.com\/index.php\/velostar91\/\",\"url\":\"https:\/\/velostarorganisation.com\/index.php\/velostar91\/\",\"name\":\"Velostar91 - Velostar Organisation\",\"isPartOf\":{\"@id\":\"https:\/\/velostarorganisation.com\/#website\"},\"datePublished\":\"2020-06-03T10:00:37+00:00\",\"dateModified\":\"2024-04-29T10:31:24+00:00\",\"breadcrumb\":{\"@id\":\"https:\/\/velostarorganisation.com\/index.php\/velostar91\/#breadcrumb\"},\"inLanguage\":\"fr-FR\",\"potentialAction\":[{\"@type\":\"ReadAction\",\"target\":[\"https:\/\/velostarorganisation.com\/index.php\/velostar91\/\"]}]},{\"@type\":\"BreadcrumbList\",\"@id\":\"https:\/\/velostarorganisation.com\/index.php\/velostar91\/#breadcrumb\",\"itemListElement\":[{\"@type\":\"ListItem\",\"position\":1,\"name\":\"Accueil\",\"item\":\"https:\/\/velostarorganisation.com\/\"},{\"@type\":\"ListItem\",\"position\":2,\"name\":\"Velostar91\"}]},{\"@type\":\"WebSite\",\"@id\":\"https:\/\/velostarorganisation.com\/#website\",\"url\":\"https:\/\/velostarorganisation.com\/\",\"name\":\"Velostar Organisation\",\"description\":\"Organisation de cyclisme Velostar Organisation\",\"potentialAction\":[{\"@type\":\"SearchAction\",\"target\":{\"@type\":\"EntryPoint\",\"urlTemplate\":\"https:\/\/velostarorganisation.com\/?s={search_term_string}\"},\"query-input\":{\"@type\":\"PropertyValueSpecification\",\"valueRequired\":true,\"valueName\":\"search_term_string\"}}],\"inLanguage\":\"fr-FR\"}]}<\/script>\n<!-- \/ Yoast SEO plugin. -->","yoast_head_json":{"title":"Velostar91 - Velostar Organisation","robots":{"index":"index","follow":"follow","max-snippet":"max-snippet:-1","max-image-preview":"max-image-preview:large","max-video-preview":"max-video-preview:-1"},"canonical":"https:\/\/velostarorganisation.com\/index.php\/velostar91\/","og_locale":"fr_FR","og_type":"article","og_title":"Velostar91 - Velostar Organisation","og_description":"[vc_row row_height_percent=\u00a0\u00bb0&Prime; back_color=\u00a0\u00bbcolor-nhtu\u00a0\u00bb back_image=\u00a0\u00bb83440&Prime; overlay_color=\u00a0\u00bbcolor-wayh\u00a0\u00bb overlay_alpha=\u00a0\u00bb50&Prime; gutter_size=\u00a0\u00bb3&Prime; column_width_percent=\u00a0\u00bb100&Prime; shift_y=\u00a0\u00bb0&Prime; z_index=\u00a0\u00bb0&Prime;][vc_column column_width_percent=\u00a0\u00bb100&Prime; position_vertical=\u00a0\u00bbmiddle\u00a0\u00bb align_horizontal=\u00a0\u00bbalign_center\u00a0\u00bb gutter_size=\u00a0\u00bb3&Prime; overlay_alpha=\u00a0\u00bb50&Prime; shift_x=\u00a0\u00bb0&Prime; shift_y=\u00a0\u00bb0&Prime; shift_y_down=\u00a0\u00bb0&Prime; z_index=\u00a0\u00bb0&Prime; medium_width=\u00a0\u00bb0&Prime; [&hellip;]","og_url":"https:\/\/velostarorganisation.com\/index.php\/velostar91\/","og_site_name":"Velostar Organisation","article_modified_time":"2024-04-29T10:31:24+00:00","twitter_card":"summary_large_image","twitter_misc":{"Dur\u00e9e de lecture estim\u00e9e":"7 minutes"},"schema":{"@context":"https:\/\/schema.org","@graph":[{"@type":"WebPage","@id":"https:\/\/velostarorganisation.com\/index.php\/velostar91\/","url":"https:\/\/velostarorganisation.com\/index.php\/velostar91\/","name":"Velostar91 - Velostar Organisation","isPartOf":{"@id":"https:\/\/velostarorganisation.com\/#website"},"datePublished":"2020-06-03T10:00:37+00:00","dateModified":"2024-04-29T10:31:24+00:00","breadcrumb":{"@id":"https:\/\/velostarorganisation.com\/index.php\/velostar91\/#breadcrumb"},"inLanguage":"fr-FR","potentialAction":[{"@type":"ReadAction","target":["https:\/\/velostarorganisation.com\/index.php\/velostar91\/"]}]},{"@type":"BreadcrumbList","@id":"https:\/\/velostarorganisation.com\/index.php\/velostar91\/#breadcrumb","itemListElement":[{"@type":"ListItem","position":1,"name":"Accueil","item":"https:\/\/velostarorganisation.com\/"},{"@type":"ListItem","position":2,"name":"Velostar91"}]},{"@type":"WebSite","@id":"https:\/\/velostarorganisation.com\/#website","url":"https:\/\/velostarorganisation.com\/","name":"Velostar Organisation","description":"Organisation de cyclisme Velostar Organisation","potentialAction":[{"@type":"SearchAction","target":{"@type":"EntryPoint","urlTemplate":"https:\/\/velostarorganisation.com\/?s={search_term_string}"},"query-input":{"@type":"PropertyValueSpecification","valueRequired":true,"valueName":"search_term_string"}}],"inLanguage":"fr-FR"}]}},"_links":{"self":[{"href":"https:\/\/velostarorganisation.com\/index.php\/wp-json\/wp\/v2\/pages\/83105","targetHints":{"allow":["GET"]}}],"collection":[{"href":"https:\/\/velostarorganisation.com\/index.php\/wp-json\/wp\/v2\/pages"}],"about":[{"href":"https:\/\/velostarorganisation.com\/index.php\/wp-json\/wp\/v2\/types\/page"}],"author":[{"embeddable":true,"href":"https:\/\/velostarorganisation.com\/index.php\/wp-json\/wp\/v2\/users\/1"}],"replies":[{"embeddable":true,"href":"https:\/\/velostarorganisation.com\/index.php\/wp-json\/wp\/v2\/comments?post=83105"}],"version-history":[{"count":197,"href":"https:\/\/velostarorganisation.com\/index.php\/wp-json\/wp\/v2\/pages\/83105\/revisions"}],"predecessor-version":[{"id":83867,"href":"https:\/\/velostarorganisation.com\/index.php\/wp-json\/wp\/v2\/pages\/83105\/revisions\/83867"}],"wp:attachment":[{"href":"https:\/\/velostarorganisation.com\/index.php\/wp-json\/wp\/v2\/media?parent=83105"}],"curies":[{"name":"wp","href":"https:\/\/api.w.org\/{rel}","templated":true}]}}